{"id":255,"date":"2022-09-22T18:59:26","date_gmt":"2022-09-22T16:59:26","guid":{"rendered":"https:\/\/switzerland.wordcamp.org\/2023\/?page_id=255"},"modified":"2023-03-24T10:34:26","modified_gmt":"2023-03-24T09:34:26","slug":"anreise-und-ort","status":"publish","type":"page","link":"https:\/\/switzerland.wordcamp.org\/2023\/de\/anreise-und-ort\/","title":{"rendered":"Anreise und Ort"},"content":{"rendered":"\n<div class=\"wp-block-group has-small-font-size is-content-justification-left is-nowrap is-layout-flex wp-container-core-group-is-layout-f2e70619 wp-block-group-is-layout-flex\">\n<p class=\"wp-block-paragraph\"><a href=\"https:\/\/switzerland.wordcamp.org\/2023\/fr\/lieu-et-acces\/\" data-type=\"page\" data-id=\"269\">En fran\u00e7ais<\/a><\/p>\n\n\n\n<p class=\"wp-block-paragraph\"><a href=\"https:\/\/switzerland.wordcamp.org\/2023\/venue-and-access\/\" data-type=\"page\" data-id=\"169\">In English<\/a><\/p>\n<\/div>\n\n\n\n<div class=\"wp-block-group alignwide is-layout-constrained wp-container-core-group-is-layout-ae98c1fd wp-block-group-is-layout-constrained\">\n<div class=\"wp-block-columns alignwide is-layout-flex wp-container-core-columns-is-layout-ce26311e wp-block-columns-is-layout-flex\">\n<div class=\"wp-block-column is-layout-flow wp-block-column-is-layout-flow\">\n<div class=\"wp-block-group alignwide is-layout-flow wp-container-core-group-is-layout-98f6e6d0 wp-block-group-is-layout-flow\">\n<p class=\"wp-block-paragraph\">Das WordCamp Schweiz 2023 fand am 1. April statt am<\/p>\n\n\n\n<h2 class=\"wp-block-heading\">Centre Loewenberg, Murten<\/h2>\n<\/div>\n\n\n\n<p class=\"wp-block-paragraph\">Das WordCamp Switzerland 2023 findet am Rande von Murten statt, einer symboltr\u00e4chtigen Stadt an der Sprachgrenze zwischen der franz\u00f6sischen und der deutschen Schweiz. Wir erwarten dich im <a href=\"https:\/\/company.sbb.ch\/de\/sbb-als-geschaeftspartner\/dienstleistungen\/centre-loewenberg.html\">Centre Loewenberg<\/a>, einem neu renovierten und modernisierten Campus, der in einem ruhigen Park liegt. Dieser Komplex bietet Konferenz- und Ausstellungsr\u00e4ume sowie Verpflegungs- und Unterkunftsm\u00f6glichkeiten. Das gesamte WordCamp kann also auf demselben Gel\u00e4nde stattfinden, wo du bei Bedarf auch direkt <a href=\"https:\/\/switzerland.wordcamp.org\/2023\/de\/unterkunft\/\">\u00fcbernachten<\/a> kannst. Das Zentrum verf\u00fcgt sogar \u00fcber einen eigenen Bahnhof in Muntelier-L\u00f6wenberg, aber denk daran, dass dies eine Haltestelle mit &#8220;Halt auf Verlangen&#8221; ist!<\/p>\n<\/div>\n\n\n\n<div class=\"wp-block-column is-layout-flow wp-block-column-is-layout-flow\" style=\"flex-basis:40.4%\">\n<div class=\"wp-block-jetpack-map alignwide is-style-default\" data-map-id=\"jp-map-1\" data-map-provider=\"mapbox\" data-api-key=\"pk.eyJ1IjoibWhtbGkiLCJhIjoiY2wzMzJ1Z3ViMDF5eDNpcTlkbnYzZ2w5dSJ9.ucmVWt6clP2oBEGLwZYtlw\" data-map-style=\"default\"><ul><li><a href=\"https:\/\/www.google.com\/maps\/search\/?api=1&amp;query=46.939005,7.136608\">Centre L\u00f6wenberg<\/a><\/li><\/ul><\/div>\n<\/div>\n<\/div>\n\n\n\n<div class=\"wp-block-columns alignwide are-vertically-aligned-bottom is-layout-flex wp-container-core-columns-is-layout-ce26311e wp-block-columns-is-layout-flex\">\n<div class=\"wp-block-column is-vertically-aligned-bottom is-layout-flow wp-block-column-is-layout-flow\">\n<div class=\"wp-block-columns is-layout-flex wp-container-core-columns-is-layout-ce26311e wp-block-columns-is-layout-flex\">\n<div class=\"wp-block-column is-layout-flow wp-block-column-is-layout-flow\">\n<div class=\"wp-block-cover is-light\"><span aria-hidden=\"true\" class=\"wp-block-cover__background has-background-dim-0 has-background-dim\"><\/span><img loading=\"lazy\" decoding=\"async\" width=\"1024\" height=\"576\" class=\"wp-block-cover__image-background wp-image-3450\" alt=\"\" src=\"https:\/\/switzerland.wordcamp.org\/2023\/files\/2023\/02\/12_Track_2_Aquarium-1024x576.jpg\" style=\"object-position:38% 58%\" data-object-fit=\"cover\" data-object-position=\"38% 58%\" srcset=\"https:\/\/switzerland.wordcamp.org\/2023\/files\/2023\/02\/12_Track_2_Aquarium-1024x576.jpg 1024w, https:\/\/switzerland.wordcamp.org\/2023\/files\/2023\/02\/12_Track_2_Aquarium-300x169.jpg 300w, https:\/\/switzerland.wordcamp.org\/2023\/files\/2023\/02\/12_Track_2_Aquarium-420x236.jpg 420w, https:\/\/switzerland.wordcamp.org\/2023\/files\/2023\/02\/12_Track_2_Aquarium-768x432.jpg 768w, https:\/\/switzerland.wordcamp.org\/2023\/files\/2023\/02\/12_Track_2_Aquarium-500x281.jpg 500w, https:\/\/switzerland.wordcamp.org\/2023\/files\/2023\/02\/12_Track_2_Aquarium-1536x864.jpg 1536w, https:\/\/switzerland.wordcamp.org\/2023\/files\/2023\/02\/12_Track_2_Aquarium.jpg 1600w\" sizes=\"auto, (max-width: 1024px) 100vw, 1024px\" \/><div class=\"wp-block-cover__inner-container is-layout-flow wp-block-cover-is-layout-flow\">\n<p class=\"has-text-align-center has-large-font-size wp-block-paragraph\"><\/p>\n<\/div><\/div>\n<\/div>\n\n\n\n<div class=\"wp-block-column is-layout-flow wp-block-column-is-layout-flow\">\n<div class=\"wp-block-cover is-light\"><span aria-hidden=\"true\" class=\"wp-block-cover__background has-background-dim-0 has-background-dim\"><\/span><img loading=\"lazy\" decoding=\"async\" width=\"1600\" height=\"900\" class=\"wp-block-cover__image-background wp-image-3449\" alt=\"\" src=\"https:\/\/switzerland.wordcamp.org\/2023\/files\/2023\/02\/15_Track_1_Aula.jpg\" style=\"object-position:49% 53%\" data-object-fit=\"cover\" data-object-position=\"49% 53%\" srcset=\"https:\/\/switzerland.wordcamp.org\/2023\/files\/2023\/02\/15_Track_1_Aula.jpg 1600w, https:\/\/switzerland.wordcamp.org\/2023\/files\/2023\/02\/15_Track_1_Aula-300x169.jpg 300w, https:\/\/switzerland.wordcamp.org\/2023\/files\/2023\/02\/15_Track_1_Aula-1024x576.jpg 1024w, https:\/\/switzerland.wordcamp.org\/2023\/files\/2023\/02\/15_Track_1_Aula-420x236.jpg 420w, https:\/\/switzerland.wordcamp.org\/2023\/files\/2023\/02\/15_Track_1_Aula-768x432.jpg 768w, https:\/\/switzerland.wordcamp.org\/2023\/files\/2023\/02\/15_Track_1_Aula-500x281.jpg 500w, https:\/\/switzerland.wordcamp.org\/2023\/files\/2023\/02\/15_Track_1_Aula-1536x864.jpg 1536w\" sizes=\"auto, (max-width: 1600px) 100vw, 1600px\" \/><div class=\"wp-block-cover__inner-container is-layout-flow wp-block-cover-is-layout-flow\">\n<p class=\"has-text-align-center has-large-font-size wp-block-paragraph\"><\/p>\n<\/div><\/div>\n<\/div>\n<\/div>\n<\/div>\n\n\n\n<div class=\"wp-block-column is-vertically-aligned-bottom is-layout-flow wp-block-column-is-layout-flow\" style=\"flex-basis:40%\">\n<h2 class=\"wp-block-heading has-large-font-size\">S\u00e4le<\/h2>\n\n\n\n<p class=\"wp-block-paragraph\">In zwei wundersch\u00f6nen S\u00e4len werden die Vortr\u00e4ge des WordCamp Schweiz 2023 stattfinden. Der grosse Saal \u00abAquarium\u00bb (f\u00fcr bis zu 200 Personen) ist vollst\u00e4ndig verglast und bietet drei grosse Bildschirme (Leinw\u00e4nde), um die Vortr\u00e4ge von allen Pl\u00e4tzen aus optimal verfolgen zu k\u00f6nnen.&nbsp;Die stufenf\u00f6rmig angelegte &#8220;Aula&#8221; bietet Platz f\u00fcr bis zu 128 Personen. Jeder Platz im Aula ist mit einem kleinen Tisch f\u00fcr den Laptop\/Tablet sowie einer Steckdose ausgestattet.&nbsp;<\/p>\n\n\n\n<p class=\"wp-block-paragraph\">Auch der <a href=\"https:\/\/switzerland.wordcamp.org\/2023\/de\/contributor-day\/\" data-type=\"page\" data-id=\"1315\">Contributor Day<\/a> am Freitag findet in einem sch\u00f6nen Saal im selben Geb\u00e4ude statt.<\/p>\n<\/div>\n<\/div>\n\n\n\n<div class=\"wp-block-columns alignwide are-vertically-aligned-bottom is-layout-flex wp-container-core-columns-is-layout-ce26311e wp-block-columns-is-layout-flex\">\n<div class=\"wp-block-column is-vertically-aligned-bottom is-layout-flow wp-block-column-is-layout-flow\">\n<div class=\"wp-block-cover\"><span aria-hidden=\"true\" class=\"wp-block-cover__background has-background-dim-0 has-background-dim\"><\/span><img loading=\"lazy\" decoding=\"async\" width=\"1600\" height=\"900\" class=\"wp-block-cover__image-background wp-image-3447\" alt=\"\" src=\"https:\/\/switzerland.wordcamp.org\/2023\/files\/2023\/02\/11_Sponsor_area.jpg\" data-object-fit=\"cover\" srcset=\"https:\/\/switzerland.wordcamp.org\/2023\/files\/2023\/02\/11_Sponsor_area.jpg 1600w, https:\/\/switzerland.wordcamp.org\/2023\/files\/2023\/02\/11_Sponsor_area-300x169.jpg 300w, https:\/\/switzerland.wordcamp.org\/2023\/files\/2023\/02\/11_Sponsor_area-1024x576.jpg 1024w, https:\/\/switzerland.wordcamp.org\/2023\/files\/2023\/02\/11_Sponsor_area-420x236.jpg 420w, https:\/\/switzerland.wordcamp.org\/2023\/files\/2023\/02\/11_Sponsor_area-768x432.jpg 768w, https:\/\/switzerland.wordcamp.org\/2023\/files\/2023\/02\/11_Sponsor_area-500x281.jpg 500w, https:\/\/switzerland.wordcamp.org\/2023\/files\/2023\/02\/11_Sponsor_area-1536x864.jpg 1536w\" sizes=\"auto, (max-width: 1600px) 100vw, 1600px\" \/><div class=\"wp-block-cover__inner-container is-layout-flow wp-block-cover-is-layout-flow\">\n<p class=\"has-text-align-center has-large-font-size wp-block-paragraph\"><\/p>\n<\/div><\/div>\n<\/div>\n\n\n\n<div class=\"wp-block-column is-vertically-aligned-bottom is-layout-flow wp-block-column-is-layout-flow\" style=\"flex-basis:40%\">\n<h2 class=\"wp-block-heading has-large-font-size\">Pausenr\u00e4umlichkeiten<\/h2>\n\n\n\n<p class=\"wp-block-paragraph\">Die Sponsoren werden einen sch\u00f6nen, hellen Raum zur Verf\u00fcgung haben, in dem auch Kaffee und andere Snacks f\u00fcr alle Teilnehmer in den Pausen serviert werden. Getr\u00e4nke werden auch w\u00e4hrend des gesamten WordCamp-Tages auf dieser Etage erh\u00e4ltlich sein. Ein wunderbarer Ort, um sich ausserhalb der Vortr\u00e4ge zu erholen, zu netzwerken und Kontakte zu kn\u00fcpfen!<\/p>\n<\/div>\n<\/div>\n\n\n\n<div class=\"wp-block-columns alignwide are-vertically-aligned-bottom is-layout-flex wp-container-core-columns-is-layout-ce26311e wp-block-columns-is-layout-flex\">\n<div class=\"wp-block-column is-vertically-aligned-bottom is-layout-flow wp-block-column-is-layout-flow\">\n<div class=\"wp-block-cover\"><span aria-hidden=\"true\" class=\"wp-block-cover__background has-background-dim-0 has-background-dim\"><\/span><img loading=\"lazy\" decoding=\"async\" width=\"1600\" height=\"900\" class=\"wp-block-cover__image-background wp-image-3446\" alt=\"\" src=\"https:\/\/switzerland.wordcamp.org\/2023\/files\/2023\/02\/21_After_party_room.jpg\" style=\"object-position:67% 78%\" data-object-fit=\"cover\" data-object-position=\"67% 78%\" srcset=\"https:\/\/switzerland.wordcamp.org\/2023\/files\/2023\/02\/21_After_party_room.jpg 1600w, https:\/\/switzerland.wordcamp.org\/2023\/files\/2023\/02\/21_After_party_room-300x169.jpg 300w, https:\/\/switzerland.wordcamp.org\/2023\/files\/2023\/02\/21_After_party_room-1024x576.jpg 1024w, https:\/\/switzerland.wordcamp.org\/2023\/files\/2023\/02\/21_After_party_room-420x236.jpg 420w, https:\/\/switzerland.wordcamp.org\/2023\/files\/2023\/02\/21_After_party_room-768x432.jpg 768w, https:\/\/switzerland.wordcamp.org\/2023\/files\/2023\/02\/21_After_party_room-500x281.jpg 500w, https:\/\/switzerland.wordcamp.org\/2023\/files\/2023\/02\/21_After_party_room-1536x864.jpg 1536w\" sizes=\"auto, (max-width: 1600px) 100vw, 1600px\" \/><div class=\"wp-block-cover__inner-container is-layout-flow wp-block-cover-is-layout-flow\">\n<p class=\"has-text-align-center has-large-font-size wp-block-paragraph\"><\/p>\n<\/div><\/div>\n<\/div>\n\n\n\n<div class=\"wp-block-column is-vertically-aligned-bottom is-layout-flow wp-block-column-is-layout-flow\" style=\"flex-basis:40%\">\n<h2 class=\"wp-block-heading has-large-font-size\">Restaurant und After-Party<\/h2>\n\n\n\n<p class=\"wp-block-paragraph\">Die Mahlzeiten am Samstag (Mittag und Abend) werden im Restaurant des Centre Loewenberg serviert, direkt gegen\u00fcber dem Hauptgeb\u00e4ude, in dem die Konferenzen stattfinden.&nbsp;<\/p>\n\n\n\n<p class=\"wp-block-paragraph\">Die &#8220;After-Party&#8221; wird im Untergeschoss des Restaurants in einem sch\u00f6nen Raum mit Billard, Tischfussball und anderen Spielen oder in der an das Restaurant angrenzenden Bar fortgesetzt. Es ist wirklich ein Gl\u00fccksfall, das gesamte WordCamp an einem Ort verfolgen zu k\u00f6nnen!<\/p>\n<\/div>\n<\/div>\n\n\n\n<div class=\"wp-block-columns alignwide is-layout-flex wp-container-core-columns-is-layout-ce26311e wp-block-columns-is-layout-flex\">\n<div class=\"wp-block-column is-layout-flow wp-block-column-is-layout-flow\" style=\"flex-basis:33.33%\">\n<div class=\"wp-block-cover is-light\" style=\"min-height:215px;aspect-ratio:unset;\"><span aria-hidden=\"true\" class=\"wp-block-cover__background has-background-dim-0 has-background-dim\"><\/span><img loading=\"lazy\" decoding=\"async\" width=\"1600\" height=\"900\" class=\"wp-block-cover__image-background wp-image-3452\" alt=\"\" src=\"https:\/\/switzerland.wordcamp.org\/2023\/files\/2023\/02\/Centre-Loewenberg-outside.jpg\" data-object-fit=\"cover\" srcset=\"https:\/\/switzerland.wordcamp.org\/2023\/files\/2023\/02\/Centre-Loewenberg-outside.jpg 1600w, https:\/\/switzerland.wordcamp.org\/2023\/files\/2023\/02\/Centre-Loewenberg-outside-300x169.jpg 300w, https:\/\/switzerland.wordcamp.org\/2023\/files\/2023\/02\/Centre-Loewenberg-outside-1024x576.jpg 1024w, https:\/\/switzerland.wordcamp.org\/2023\/files\/2023\/02\/Centre-Loewenberg-outside-420x236.jpg 420w, https:\/\/switzerland.wordcamp.org\/2023\/files\/2023\/02\/Centre-Loewenberg-outside-768x432.jpg 768w, https:\/\/switzerland.wordcamp.org\/2023\/files\/2023\/02\/Centre-Loewenberg-outside-500x281.jpg 500w, https:\/\/switzerland.wordcamp.org\/2023\/files\/2023\/02\/Centre-Loewenberg-outside-1536x864.jpg 1536w\" sizes=\"auto, (max-width: 1600px) 100vw, 1600px\" \/><div class=\"wp-block-cover__inner-container is-layout-flow wp-block-cover-is-layout-flow\">\n<p class=\"has-text-align-center has-large-font-size wp-block-paragraph\"><\/p>\n<\/div><\/div>\n<\/div>\n\n\n\n<div class=\"wp-block-column is-layout-flow wp-block-column-is-layout-flow\" style=\"flex-basis:33.33%\">\n<div class=\"wp-block-cover is-light\" style=\"min-height:215px;aspect-ratio:unset;\"><span aria-hidden=\"true\" class=\"wp-block-cover__background has-background-dim-0 has-background-dim\"><\/span><img loading=\"lazy\" decoding=\"async\" width=\"1600\" height=\"900\" class=\"wp-block-cover__image-background wp-image-3450\" alt=\"\" src=\"https:\/\/switzerland.wordcamp.org\/2023\/files\/2023\/02\/12_Track_2_Aquarium.jpg\" data-object-fit=\"cover\" srcset=\"https:\/\/switzerland.wordcamp.org\/2023\/files\/2023\/02\/12_Track_2_Aquarium.jpg 1600w, https:\/\/switzerland.wordcamp.org\/2023\/files\/2023\/02\/12_Track_2_Aquarium-300x169.jpg 300w, https:\/\/switzerland.wordcamp.org\/2023\/files\/2023\/02\/12_Track_2_Aquarium-1024x576.jpg 1024w, https:\/\/switzerland.wordcamp.org\/2023\/files\/2023\/02\/12_Track_2_Aquarium-420x236.jpg 420w, https:\/\/switzerland.wordcamp.org\/2023\/files\/2023\/02\/12_Track_2_Aquarium-768x432.jpg 768w, https:\/\/switzerland.wordcamp.org\/2023\/files\/2023\/02\/12_Track_2_Aquarium-500x281.jpg 500w, https:\/\/switzerland.wordcamp.org\/2023\/files\/2023\/02\/12_Track_2_Aquarium-1536x864.jpg 1536w\" sizes=\"auto, (max-width: 1600px) 100vw, 1600px\" \/><div class=\"wp-block-cover__inner-container is-layout-flow wp-block-cover-is-layout-flow\">\n<p class=\"has-text-align-center has-large-font-size wp-block-paragraph\"><\/p>\n<\/div><\/div>\n<\/div>\n\n\n\n<div class=\"wp-block-column is-layout-flow wp-block-column-is-layout-flow\" style=\"flex-basis:33.33%\">\n<div class=\"wp-block-cover is-light\" style=\"min-height:215px;aspect-ratio:unset;\"><span aria-hidden=\"true\" class=\"wp-block-cover__background has-background-dim-0 has-background-dim\"><\/span><img loading=\"lazy\" decoding=\"async\" width=\"1600\" height=\"900\" class=\"wp-block-cover__image-background wp-image-3448\" alt=\"\" src=\"https:\/\/switzerland.wordcamp.org\/2023\/files\/2023\/02\/3_Lounge_Entrance.jpg\" data-object-fit=\"cover\" srcset=\"https:\/\/switzerland.wordcamp.org\/2023\/files\/2023\/02\/3_Lounge_Entrance.jpg 1600w, https:\/\/switzerland.wordcamp.org\/2023\/files\/2023\/02\/3_Lounge_Entrance-300x169.jpg 300w, https:\/\/switzerland.wordcamp.org\/2023\/files\/2023\/02\/3_Lounge_Entrance-1024x576.jpg 1024w, https:\/\/switzerland.wordcamp.org\/2023\/files\/2023\/02\/3_Lounge_Entrance-420x236.jpg 420w, https:\/\/switzerland.wordcamp.org\/2023\/files\/2023\/02\/3_Lounge_Entrance-768x432.jpg 768w, https:\/\/switzerland.wordcamp.org\/2023\/files\/2023\/02\/3_Lounge_Entrance-500x281.jpg 500w, https:\/\/switzerland.wordcamp.org\/2023\/files\/2023\/02\/3_Lounge_Entrance-1536x864.jpg 1536w\" sizes=\"auto, (max-width: 1600px) 100vw, 1600px\" \/><div class=\"wp-block-cover__inner-container is-layout-flow wp-block-cover-is-layout-flow\">\n<p class=\"has-text-align-center has-large-font-size wp-block-paragraph\"><\/p>\n<\/div><\/div>\n<\/div>\n<\/div>\n\n\n\n<div class=\"wp-block-columns alignwide is-layout-flex wp-container-core-columns-is-layout-ce26311e wp-block-columns-is-layout-flex\">\n<div class=\"wp-block-column is-layout-flow wp-block-column-is-layout-flow\">\n<h2 class=\"wp-block-heading\">Barrierefreiheit<\/h2>\n\n\n\n<p class=\"wp-block-paragraph\">Der Veranstaltungsort ist f\u00fcr Personen im Rollstuhl vollst\u00e4ndig zug\u00e4nglich und barrierefrei. Der Haupteingang und das Restaurant sind ebenerdig und stufenlos, die beiden Tagungsr\u00e4ume sind mit dem Aufzug erreichbar.<br>Die Aula hat zwar Stufen, hat aber oben einen ebenerdigen Platz und damit ebenfalls einen Zugang f\u00fcr Personen im Rollstuhl. Die Toiletten und Hotelzimmer&nbsp;sind auch f\u00fcr Rollst\u00fchle zug\u00e4nglich.<\/p>\n\n\n\n<p class=\"wp-block-paragraph\">Auf dem Ticketformular kannst du angeben, ob du ein besonderes Bed\u00fcrfnis hast. Zum Zeitpunkt des Ticketschlusses hat niemand ein Bed\u00fcrfnis angegeben, aber wenn du etwas ben\u00f6tigst, <a href=\"https:\/\/switzerland.wordcamp.org\/2023\/de\/kontakt\/\" data-type=\"page\" data-id=\"667\">wende dich bitte falls m\u00f6glich vorab an uns.<\/a><\/p>\n\n\n\n<p class=\"wp-block-paragraph\">W\u00e4hrend der Veranstaltung kannst du dich jederzeit beim Eingang (Registrierung) oder an das Organisations-Team wenden und fragen, ob du beispielsweise einen ruhigen Raum ben\u00f6tigst. Wir werden versuchen, dir im Anschluss einen entsprechenden Raum zur Verf\u00fcgung stellen.<\/p>\n\n\n\n<p class=\"wp-block-paragraph\">Der Aussenpark ist ein sch\u00f6ner Ort, solltest du mal eine Pause und etwas frische Luft ben\u00f6tigen.<\/p>\n\n\n\n<p class=\"wp-block-paragraph\">Wir versuchen, von <a href=\"https:\/\/stimpunks.org\/2022\/10\/25\/five-ways-to-welcome-all-bodyminds-to-your-learning-event\/\">dieser Seite<\/a> zu lernen.<\/p>\n\n\n\n<p class=\"wp-block-paragraph\">Hinweis hinzugef\u00fcgt 10 Tage vor der Veranstaltung:<br>Es tut uns leid, dass wir keine speziellen Badges bestellt haben. Falls du ein eigenes rotes oder oranges Abzeichen hast, kannst du es nat\u00fcrlich gerne mitbringen.<\/p>\n\n\n\n<p class=\"wp-block-paragraph\">Wir werden die Teilnehmer w\u00e4hrend der Er\u00f6ffnungsansprache an den <a href=\"https:\/\/switzerland.wordcamp.org\/2023\/de\/verhaltenskodex\/\">Verhaltenskodex<\/a> und die integrative Denkweise erinnern.<\/p>\n<\/div>\n\n\n\n<div class=\"wp-block-column is-layout-flow wp-block-column-is-layout-flow\" style=\"flex-basis:40%\"><\/div>\n<\/div>\n\n\n\n<div class=\"wp-block-columns alignwide is-layout-flex wp-container-core-columns-is-layout-4c1b4fc6 wp-block-columns-is-layout-flex\">\n<div class=\"wp-block-column is-layout-flow wp-block-column-is-layout-flow\">\n<div class=\"wp-block-cover\" style=\"min-height:215px;aspect-ratio:unset;\"><span aria-hidden=\"true\" class=\"wp-block-cover__background has-background-dim-0 has-background-dim\"><\/span><img loading=\"lazy\" decoding=\"async\" width=\"1024\" height=\"330\" class=\"wp-block-cover__image-background wp-image-208\" alt=\"\" src=\"https:\/\/switzerland.wordcamp.org\/2023\/files\/2022\/09\/bls-regio-nach-kerzers-1224406-1024x330.jpg\" style=\"object-position:81% 52%\" data-object-fit=\"cover\" data-object-position=\"81% 52%\" srcset=\"https:\/\/switzerland.wordcamp.org\/2023\/files\/2022\/09\/bls-regio-nach-kerzers-1224406-1024x330.jpg 1024w, https:\/\/switzerland.wordcamp.org\/2023\/files\/2022\/09\/bls-regio-nach-kerzers-1224406-300x97.jpg 300w, https:\/\/switzerland.wordcamp.org\/2023\/files\/2022\/09\/bls-regio-nach-kerzers-1224406-768x247.jpg 768w, https:\/\/switzerland.wordcamp.org\/2023\/files\/2022\/09\/bls-regio-nach-kerzers-1224406-500x161.jpg 500w, https:\/\/switzerland.wordcamp.org\/2023\/files\/2022\/09\/bls-regio-nach-kerzers-1224406-1536x495.jpg 1536w, https:\/\/switzerland.wordcamp.org\/2023\/files\/2022\/09\/bls-regio-nach-kerzers-1224406.jpg 1676w\" sizes=\"auto, (max-width: 1024px) 100vw, 1024px\" \/><div class=\"wp-block-cover__inner-container is-layout-flow wp-block-cover-is-layout-flow\">\n<p class=\"has-text-align-center has-large-font-size wp-block-paragraph\"><\/p>\n<\/div><\/div>\n\n\n\n<h2 class=\"wp-block-heading has-x-large-font-size\">Mit den \u00f6ffentlichen Verkehrsmitteln<\/h2>\n\n\n\n<p class=\"wp-block-paragraph\">Das Schweizer Bahnnetz ist legend\u00e4r p\u00fcnktlich und gut organisiert. Wir empfehlen Dir nach M\u00f6glichkeit <a href=\"http:\/\/www.sbb.ch\/de\/home.html\">mit dem Zug<\/a> anzureisen. Das <a href=\"https:\/\/company.sbb.ch\/de\/sbb-als-geschaeftspartner\/dienstleistungen\/centre-loewenberg.html\">Centre Loewenberg<\/a> ist zwei Stunden von Genf, Z\u00fcrich oder Basel entfernt. Das Centre Loewenberg grenzt direkt an den Bahnhof <strong>Muntelier L\u00f6wenberg<\/strong>.<\/p>\n\n\n\n<div class=\"wp-block-group has-border-color has-primary-border-color has-background-background-color has-background is-layout-flow wp-block-group-is-layout-flow\" style=\"border-width:5px;padding-top:1rem;padding-right:1rem;padding-bottom:1rem;padding-left:1rem\">\n<h2 class=\"wp-block-heading has-medium-font-size\">Wichtige Infos<\/h2>\n\n\n\n<ol class=\"wp-block-list\">\n<li>Die S5 aus Bern besteht aus <strong>zwei Teilen<\/strong>, die sich in Kerzers trennen. Ein Teil des Zuges f\u00e4hrt nach Neuch\u00e2tel und einer nach Murten. Achte darauf, dass du im richtigen Teil des Zuges einsteigst: du musst in Richtung <strong>Murten<\/strong> fahren! Wenn du dich unterwegs im falschen Teil des Zuges wiederfindest, kannst du (schnell!) umsteigen, wenn der Zug in Kerzers ankommt.<\/li>\n\n\n\n<li>Beachte, dass der Zug <strong>nur auf Verlangen<\/strong> am Bahnhof <strong>Muntelier L\u00f6wenberg<\/strong> h\u00e4lt, also denke daran, rechtzeitig den Knopf neben den T\u00fcren des Zuges zu dr\u00fccken!<\/li>\n\n\n\n<li>Wenn du von Neuenburg kommst: Die SBB haben soeben Wartungsarbeiten an der Strecke von Ins nach Murten (S20-S21) angek\u00fcndigt, sodass du einen Ersatzbus oder Bahn via Kerzers nehmen musst. Mehr Infos <a href=\"https:\/\/www.tpf.ch\/de\/fahrplan-und-netz\/informationen\/totalunterbruch-murten-ins\">hier<\/a>. Bitte \u00fcberpr\u00fcfe deine Reise in der SBB Mobile App.<\/li>\n<\/ol>\n<\/div>\n\n\n\n<div class=\"wp-block-buttons is-layout-flex wp-block-buttons-is-layout-flex\">\n<div class=\"wp-block-button has-custom-font-size has-small-font-size\"><a class=\"wp-block-button__link wp-element-button\" href=\"https:\/\/www.s-bahn-bern.ch\/angebot\/liniennetz\" target=\"_blank\" rel=\"noreferrer noopener\">S-Bahn-Karte<\/a><\/div>\n\n\n\n<div class=\"wp-block-button has-custom-font-size has-small-font-size\"><a class=\"wp-block-button__link wp-element-button\" href=\"https:\/\/www.sbb.ch\/de\/kaufen\/pages\/fahrplan\/fahrplan.xhtml?nach=Muntelier-Loewenberg\" target=\"_blank\" rel=\"noreferrer noopener\">Anfahrtsplan SBB<\/a><\/div>\n<\/div>\n\n\n\n<div style=\"height:1vw\" aria-hidden=\"true\" class=\"wp-block-spacer\"><\/div>\n\n\n\n<h3 class=\"wp-block-heading has-large-font-size\">Ab Bern<\/h3>\n\n\n\n<p class=\"wp-block-paragraph\">Vom S-Bahnsteig im Hauptbahnhof Bern dauert die direkte Fahrt rund 30 Minuten. Stell sicher, dass Du den <strong>S5<\/strong>-Zugteil in Richtung <strong>Murten<\/strong> nimmst. Der Zug ist aus zwei Teilen geformt, die sich <strong>in Kerzers trennen<\/strong>!<\/p>\n\n\n\n<h3 class=\"wp-block-heading has-large-font-size\">Ab Genf<\/h3>\n\n\n\n<p class=\"wp-block-paragraph\">Nimm den Zug von Genf Richtung <strong>Neuch\u00e2tel<\/strong> und steige dann in den Interregio-Zug nach Kerzers um. In Richtung Murten: Muntelier L\u00f6wenberg ist die zweite Station, eine Haltestelle vor Murten.<\/p>\n\n\n\n<h3 class=\"wp-block-heading has-large-font-size\">Ab Z\u00fcrich<\/h3>\n\n\n\n<p class=\"wp-block-paragraph\">Nimm den Intercity ab Z\u00fcrich Hauptbahnhof (Z\u00fcrich HB) bis Bern Hauptbahnhof (1h), danach folgst Du den Anweisungen ab Bern (siehe oben).<\/p>\n\n\n\n<h3 class=\"wp-block-heading has-large-font-size\">Mit dem Flugzeug<\/h3>\n\n\n\n<p class=\"wp-block-paragraph\">Die wichtigsten Flugh\u00e4fen der Schweiz sind <a href=\"http:\/\/www.euroairport.com\/de\/\">Basel<\/a> (2h), <a href=\"https:\/\/www.zurich-airport.com\/\">Z\u00fcrich Kloten<\/a> (2h), <a href=\"https:\/\/www.gva.ch\/de\">Genf<\/a> (2h) und <a href=\"https:\/\/www.flughafenbern.ch\/de\/Willkommen\">Bern Belp<\/a> (1h20). Diese ungef\u00e4hren Fahrzeiten gelten f\u00fcr Verbindungen mit \u00f6ffentlichen Verkehrsmitteln vom Hauptterminal des Flughafens nach <strong>Muntelier L\u00f6wenberg<\/strong>.<\/p>\n<\/div>\n\n\n\n<div class=\"wp-block-column is-layout-flow wp-block-column-is-layout-flow\" style=\"flex-basis:40%\">\n<div class=\"wp-block-cover\" style=\"min-height:215px;aspect-ratio:unset;\"><span aria-hidden=\"true\" class=\"wp-block-cover__background has-background-dim-0 has-background-dim\"><\/span><img loading=\"lazy\" decoding=\"async\" width=\"800\" height=\"538\" class=\"wp-block-cover__image-background wp-image-209\" alt=\"\" src=\"https:\/\/switzerland.wordcamp.org\/2023\/files\/2022\/09\/motorway_sign-1.jpg\" style=\"object-position:33% 48%\" data-object-fit=\"cover\" data-object-position=\"33% 48%\" srcset=\"https:\/\/switzerland.wordcamp.org\/2023\/files\/2022\/09\/motorway_sign-1.jpg 800w, https:\/\/switzerland.wordcamp.org\/2023\/files\/2022\/09\/motorway_sign-1-300x202.jpg 300w, https:\/\/switzerland.wordcamp.org\/2023\/files\/2022\/09\/motorway_sign-1-768x516.jpg 768w, https:\/\/switzerland.wordcamp.org\/2023\/files\/2022\/09\/motorway_sign-1-446x300.jpg 446w\" sizes=\"auto, (max-width: 800px) 100vw, 800px\" \/><div class=\"wp-block-cover__inner-container is-layout-flow wp-block-cover-is-layout-flow\">\n<p class=\"has-text-align-center has-large-font-size wp-block-paragraph\"><\/p>\n<\/div><\/div>\n\n\n\n<h2 class=\"wp-block-heading has-x-large-font-size\">Auf der Strasse<\/h2>\n\n\n\n<p class=\"wp-block-paragraph\">Parkpl\u00e4tze stehen vor Ort nur in sehr begrenzter Anzahl zur Verf\u00fcgung und kosten CHF 8\/Tag. Daher empfehlen wir die Anreise mit \u00f6ffentlichen Verkehrsmitteln.<\/p>\n\n\n\n<p class=\"wp-block-paragraph\">Das Centre L\u00f6wenberg liegt wenige Minuten von der Ausfahrt <strong>Murten\/Morat<\/strong> der <strong>Autobahn A1<\/strong> Richtung Westen von Bern entfernt.<\/p>\n\n\n\n<p class=\"wp-block-paragraph\">Wenn Du die Autobahn verlassen hast, f\u00e4hrst Du in Richtung Murten. Du biegst beim ersten Kreisel rechts ab (kurz nach dem McDonalds). Der Eingang zum Gel\u00e4nde befindet sich ein paar hundert Meter vom Kreisel entfernt auf der linken Strassenseite.<\/p>\n\n\n\n<h2 class=\"wp-block-heading has-large-font-size\">Google Maps<\/h2>\n\n\n\n<p class=\"wp-block-paragraph\"><a href=\"https:\/\/goo.gl\/maps\/hArwAjf1KALd6cyK8\" target=\"_blank\" rel=\"noreferrer noopener\">Centre Loewenberg<\/a>&nbsp;<br><a href=\"https:\/\/goo.gl\/maps\/FVvPRMDSyWh8eDRGA\" target=\"_blank\" rel=\"noreferrer noopener\">Parking Centre Loewenberg<\/a><\/p>\n<\/div>\n<\/div>\n\n\n\n<div class=\"wp-block-group alignwide is-layout-constrained wp-block-group-is-layout-constrained\">\n<h2 class=\"wp-block-heading alignwide has-x-large-font-size\">Site plan<\/h2>\n\n\n\n<div class=\"wp-block-group alignwide is-layout-constrained wp-container-core-group-is-layout-842e55c2 wp-block-group-is-layout-constrained\">\n<figure class=\"wp-block-image alignwide size-large\"><a href=\"https:\/\/switzerland.wordcamp.org\/2023\/files\/2023\/02\/Map-Loewenberg-v2-1.png\"><img loading=\"lazy\" decoding=\"async\" width=\"1024\" height=\"576\" src=\"https:\/\/switzerland.wordcamp.org\/2023\/files\/2023\/02\/Map-Loewenberg-v2-1-1024x576.png\" alt=\"Site plan of Centre Loewenberg\" class=\"wp-image-3487\" srcset=\"https:\/\/switzerland.wordcamp.org\/2023\/files\/2023\/02\/Map-Loewenberg-v2-1-1024x576.png 1024w, https:\/\/switzerland.wordcamp.org\/2023\/files\/2023\/02\/Map-Loewenberg-v2-1-300x169.png 300w, https:\/\/switzerland.wordcamp.org\/2023\/files\/2023\/02\/Map-Loewenberg-v2-1-420x236.png 420w, https:\/\/switzerland.wordcamp.org\/2023\/files\/2023\/02\/Map-Loewenberg-v2-1-768x432.png 768w, https:\/\/switzerland.wordcamp.org\/2023\/files\/2023\/02\/Map-Loewenberg-v2-1-500x281.png 500w, https:\/\/switzerland.wordcamp.org\/2023\/files\/2023\/02\/Map-Loewenberg-v2-1-1536x864.png 1536w, https:\/\/switzerland.wordcamp.org\/2023\/files\/2023\/02\/Map-Loewenberg-v2-1-2048x1152.png 2048w\" sizes=\"auto, (max-width: 1024px) 100vw, 1024px\" \/><\/a><\/figure>\n\n\n\n<p class=\"has-text-align-center has-small-font-size wp-block-paragraph\">Klick auf das Bild, um es als Referenz herunterzuladen, w\u00e4hrend du dabei bist<\/p>\n<\/div>\n<\/div>\n<\/div>\n","protected":false},"excerpt":{"rendered":"<p>En fran\u00e7ais In English Das WordCamp Switzerland 2023 findet am Rande von Murten statt, einer symboltr\u00e4chtigen Stadt an der Sprachgrenze zwischen der franz\u00f6sischen und der deutschen Schweiz. Wir erwarten dich im Centre Loewenberg, einem neu renovierten und modernisierten Campus, der in einem ruhigen Park liegt. Dieser Komplex bietet Konferenz- und Ausstellungsr\u00e4ume sowie Verpflegungs- und Unterkunftsm\u00f6glichkeiten. [&hellip;]<\/p>\n","protected":false},"author":5101522,"featured_media":208,"parent":253,"menu_order":0,"comment_status":"closed","ping_status":"closed","template":"wp-custom-template-german-page","meta":{"_crdt_document":"","jetpack_post_was_ever_published":false,"footnotes":""},"class_list":["post-255","page","type-page","status-publish","has-post-thumbnail","hentry"],"jetpack_sharing_enabled":true,"_links":{"self":[{"href":"https:\/\/switzerland.wordcamp.org\/2023\/wp-json\/wp\/v2\/pages\/255","targetHints":{"allow":["GET"]}}],"collection":[{"href":"https:\/\/switzerland.wordcamp.org\/2023\/wp-json\/wp\/v2\/pages"}],"about":[{"href":"https:\/\/switzerland.wordcamp.org\/2023\/wp-json\/wp\/v2\/types\/page"}],"author":[{"embeddable":true,"href":"https:\/\/switzerland.wordcamp.org\/2023\/wp-json\/wp\/v2\/users\/5101522"}],"replies":[{"embeddable":true,"href":"https:\/\/switzerland.wordcamp.org\/2023\/wp-json\/wp\/v2\/comments?post=255"}],"version-history":[{"count":46,"href":"https:\/\/switzerland.wordcamp.org\/2023\/wp-json\/wp\/v2\/pages\/255\/revisions"}],"predecessor-version":[{"id":4744,"href":"https:\/\/switzerland.wordcamp.org\/2023\/wp-json\/wp\/v2\/pages\/255\/revisions\/4744"}],"up":[{"embeddable":true,"href":"https:\/\/switzerland.wordcamp.org\/2023\/wp-json\/wp\/v2\/pages\/253"}],"wp:featuredmedia":[{"embeddable":true,"href":"https:\/\/switzerland.wordcamp.org\/2023\/wp-json\/wp\/v2\/media\/208"}],"wp:attachment":[{"href":"https:\/\/switzerland.wordcamp.org\/2023\/wp-json\/wp\/v2\/media?parent=255"}],"curies":[{"name":"wp","href":"https:\/\/api.w.org\/{rel}","templated":true}]}}